{"id":106,"date":"2018-08-08T12:21:30","date_gmt":"2018-08-08T09:21:30","guid":{"rendered":"https:\/\/www.vossikka.com\/?page_id=106"},"modified":"2018-11-30T09:52:40","modified_gmt":"2018-11-30T07:52:40","slug":"hevosajelua-tilalla","status":"publish","type":"page","link":"https:\/\/www.vossikka.com\/index.php\/palvelut\/hevosajelua-tilalla\/","title":{"rendered":"Hevosajelua tilalla"},"content":{"rendered":"<h2>Hevosvaunuajelua Kuusipellon reitill\u00e4<\/h2>\n<p><img loading=\"lazy\" class=\"aligncenter wp-image-107\" src=\"https:\/\/www.vossikka.com\/wp-content\/uploads\/2018\/08\/rekiajelu.jpg\" alt=\"\" width=\"500\" height=\"375\" srcset=\"https:\/\/www.vossikka.com\/wp-content\/uploads\/2018\/08\/rekiajelu.jpg 960w, https:\/\/www.vossikka.com\/wp-content\/uploads\/2018\/08\/rekiajelu-300x225.jpg 300w, https:\/\/www.vossikka.com\/wp-content\/uploads\/2018\/08\/rekiajelu-768x576.jpg 768w\" sizes=\"(max-width: 500px) 100vw, 500px\" \/><\/p>\n<p>Vaunuajelua p\u00e4iv\u00e4nvalossa, kes\u00e4y\u00f6n auringon tai t\u00e4htitaivaan alla kuusimets\u00e4ss\u00e4 ty\u00f6hevostilan maastossa, suurten kuusten keskell\u00e4. Retken alussa is\u00e4nt\u00e4 Markku esittelee lyhyesti ty\u00f6hevostilan ja suomenhevosen historian. Ajamme hevosvaunulla kuusimets\u00e4ss\u00e4 noin 1,5 km. Saavuttuamme Korpipuron kodalle keit\u00e4mme nokipannukahvit kodalla ja sy\u00f6mme pikkuev\u00e4\u00e4t, hevosen sy\u00f6dess\u00e4 heini\u00e4 loimen alla. Kuulet muun muassa ty\u00f6hevosjuttuja menneilt\u00e4 ajoilta. Kahvin j\u00e4lkeen ajamme vaunuilla takaisin tilalle.<\/p>\n<p><strong>Hinta:<\/strong><br \/>\n40\u20ac\/hl\u00f6, min. veloitus 3 hl\u00f6 (arkip\u00e4iv\u00e4t)<br \/>\n50\u20ac\/hl\u00f6, min. veloitus 3 hl\u00f6 (pe-su)<br \/>\nHinta sis\u00e4lt\u00e4\u00e4 opastetun hevosvaunuajelun, nokipannukahvit ja pikkuev\u00e4\u00e4t.<\/p>\n<p><strong>Hinta voimassa:<\/strong> ymp\u00e4ri vuoden<br \/>\n<strong>Kesto<\/strong>: noin 1,5 h<br \/>\n<strong>Ryhm\u00e4koko<\/strong>: min. 3 hl\u00f6, max. 6 hl\u00f6<\/p>\n<p><a href=\"https:\/\/www.vossikka.com\/index.php\/yhteystiedot\/\">Tee varaus!<\/a><\/p>\n<p><img loading=\"lazy\" class=\"aligncenter wp-image-108\" src=\"https:\/\/www.vossikka.com\/wp-content\/uploads\/2018\/08\/hevoskyyditys.jpg\" alt=\"\" width=\"500\" height=\"562\" srcset=\"https:\/\/www.vossikka.com\/wp-content\/uploads\/2018\/08\/hevoskyyditys.jpg 720w, https:\/\/www.vossikka.com\/wp-content\/uploads\/2018\/08\/hevoskyyditys-267x300.jpg 267w\" sizes=\"(max-width: 500px) 100vw, 500px\" \/><\/p>\n<p>&nbsp;<\/p>\n","protected":false},"excerpt":{"rendered":"<p>Hevosvaunuajelua Kuusipellon reitill\u00e4 Vaunuajelua p\u00e4iv\u00e4nvalossa, kes\u00e4y\u00f6n auringon tai t\u00e4htitaivaan alla kuusimets\u00e4ss\u00e4 ty\u00f6hevostilan maastossa, suurten kuusten keskell\u00e4. Retken alussa is\u00e4nt\u00e4 Markku esittelee lyhyesti ty\u00f6hevostilan ja suomenhevosen&hellip;<\/p>\n","protected":false},"author":1,"featured_media":0,"parent":100,"menu_order":0,"comment_status":"closed","ping_status":"closed","template":"","meta":[],"_links":{"self":[{"href":"https:\/\/www.vossikka.com\/index.php\/wp-json\/wp\/v2\/pages\/106"}],"collection":[{"href":"https:\/\/www.vossikka.com\/index.php\/wp-json\/wp\/v2\/pages"}],"about":[{"href":"https:\/\/www.vossikka.com\/index.php\/wp-json\/wp\/v2\/types\/page"}],"author":[{"embeddable":true,"href":"https:\/\/www.vossikka.com\/index.php\/wp-json\/wp\/v2\/users\/1"}],"replies":[{"embeddable":true,"href":"https:\/\/www.vossikka.com\/index.php\/wp-json\/wp\/v2\/comments?post=106"}],"version-history":[{"count":8,"href":"https:\/\/www.vossikka.com\/index.php\/wp-json\/wp\/v2\/pages\/106\/revisions"}],"predecessor-version":[{"id":377,"href":"https:\/\/www.vossikka.com\/index.php\/wp-json\/wp\/v2\/pages\/106\/revisions\/377"}],"up":[{"embeddable":true,"href":"https:\/\/www.vossikka.com\/index.php\/wp-json\/wp\/v2\/pages\/100"}],"wp:attachment":[{"href":"https:\/\/www.vossikka.com\/index.php\/wp-json\/wp\/v2\/media?parent=106"}],"curies":[{"name":"wp","href":"https:\/\/api.w.org\/{rel}","templated":true}]}}